{"id":36,"date":"2017-09-21T03:27:27","date_gmt":"2017-09-21T06:27:27","guid":{"rendered":"http:\/\/mulheressa.org\/blog\/?page_id=36"},"modified":"2018-01-26T13:36:07","modified_gmt":"2018-01-26T15:36:07","slug":"colunistas","status":"publish","type":"page","link":"https:\/\/mulheressa.org.br\/blog\/colunistas\/","title":{"rendered":"Colunistas"},"content":{"rendered":"<p>Conhe\u00e7a nossos(as) colunistas.<\/p>\n<hr \/>\n<div class=\"pt-cv-wrapper\"><div class=\"pt-cv-view pt-cv-grid pt-cv-colsys\" id=\"pt-cv-view-68430bdjdt\"><div data-id=\"pt-cv-page-1\" class=\"pt-cv-page\" data-cvc=\"2\"><div class=\"col-md-6 col-sm-6 col-xs-12 pt-cv-content-item pt-cv-2-col\" ><div class='pt-cv-ifield'><a href=\"https:\/\/mulheressa.org.br\/blog\/erika-pessoa\/\" class=\"_self pt-cv-href-thumbnail pt-cv-thumb-left\" target=\"_self\" ><img width=\"100\" height=\"100\" src=\"https:\/\/mulheressa.org.br\/blog\/wp-content\/uploads\/2018\/02\/Erika-Pessoa-Credito-Elderth-Teza-100x100.jpg\" class=\"pt-cv-thumbnail pull-left\" alt=\"\" loading=\"lazy\" srcset=\"https:\/\/mulheressa.org.br\/blog\/wp-content\/uploads\/2018\/02\/Erika-Pessoa-Credito-Elderth-Teza-100x100.jpg 100w, https:\/\/mulheressa.org.br\/blog\/wp-content\/uploads\/2018\/02\/Erika-Pessoa-Credito-Elderth-Teza-150x150.jpg 150w, https:\/\/mulheressa.org.br\/blog\/wp-content\/uploads\/2018\/02\/Erika-Pessoa-Credito-Elderth-Teza.jpg 250w\" sizes=\"100vw\" \/><\/a>\n<div class=\"pt-cv-colwrap\"><h4 class=\"pt-cv-title\"><a href=\"https:\/\/mulheressa.org.br\/blog\/erika-pessoa\/\" class=\"_self\" target=\"_self\" >Erika Pess\u00f4a<\/a><\/h4><div class=\"pt-cv-content\"><p style=\"font-weight: 400;\">Formada em\u00a0<strong>Gesta\u0303o da Comunicac\u0327a\u0303o pela Syracuse University e Aberje\u00a0<\/strong>(2013, SP\/EUA), e em\u00a0<strong>Relac\u0327o\u0303es Pu\u0301blicas e Marketing pela Newton Paiva\u00a0<\/strong>(1998\/99, BH\/BR), \u00e9\u00a0pesquisadora da\u00a0<strong>antropologia dos relacionamentos estrat\u00e9gicos<\/strong>\u00a0e\u00a0co-autora do \u00a0livro &#8220;<strong>Jovens Empreendedores: L\u00edderes\u00a0de\u00a0Um Brasil que D\u00e1 Certo<\/strong>&#8221; da editora Roma.<\/p>\n<p style=\"font-weight: 400;\">Com\u00a0<strong>23 anos\u00a0de\u00a0hist\u00f3ria profissiona<\/strong>l\u00a0no mercado\u00a0de\u00a0comunica\u00e7\u00e3o e\u00a0<strong>12 como empreendedora na\u00a0 Pessoa. Ag\u00eancia\u00a0de\u00a0Rela\u00e7\u00f5es P\u00fablic<\/strong>as, \u200bj\u00e1 atuou diretamente ao lado de mais de\u00a0<strong>110 clientes\u00a0de\u00a0diversos segm<\/strong>entos e\u00a0em\u00a0<strong>todo o territ\u00f3rio brasileiro\u00a0<\/strong>desde cidades como Macap\u00e1 no Amap\u00e1 at\u00e9 Lajes em Santa Catarina. Em todos estes projetos, apaixonadamente desenvolveu\u200b, de\u00a0 forma personalizada, estrat\u00e9gias\u00a0de\u00a0posicionamento\u00a0de\u00a0comunica\u00e7\u00e3o, marca e reputac\u0327a\u0303o\u00a0de\u00a0cada um.<\/p>\n<\/div><\/div><\/div><\/div>\n<div class=\"col-md-6 col-sm-6 col-xs-12 pt-cv-content-item pt-cv-2-col\" ><div class='pt-cv-ifield'><a href=\"https:\/\/mulheressa.org.br\/blog\/carla-goncalves-de-souza\/\" class=\"_self pt-cv-href-thumbnail pt-cv-thumb-left\" target=\"_self\" ><img width=\"100\" height=\"100\" src=\"https:\/\/mulheressa.org.br\/blog\/wp-content\/uploads\/2017\/11\/CARLA-100x100.jpg\" class=\"pt-cv-thumbnail pull-left\" alt=\"\" loading=\"lazy\" srcset=\"https:\/\/mulheressa.org.br\/blog\/wp-content\/uploads\/2017\/11\/CARLA-100x100.jpg 100w, https:\/\/mulheressa.org.br\/blog\/wp-content\/uploads\/2017\/11\/CARLA-150x150.jpg 150w, https:\/\/mulheressa.org.br\/blog\/wp-content\/uploads\/2017\/11\/CARLA-300x300.jpg 300w, https:\/\/mulheressa.org.br\/blog\/wp-content\/uploads\/2017\/11\/CARLA.jpg 500w\" sizes=\"100vw\" \/><\/a>\n<div class=\"pt-cv-colwrap\"><h4 class=\"pt-cv-title\"><a href=\"https:\/\/mulheressa.org.br\/blog\/carla-goncalves-de-souza\/\" class=\"_self\" target=\"_self\" >Carla Gon\u00e7alves de Souza<\/a><\/h4><div class=\"pt-cv-content\"><p>Especialista em Direito do Trabalho, formada na Faculdade de Direito Milton Campos (1998), s\u00f3cia do escrit\u00f3rio Maia Advocacia, em Belo Horizonte. Advogada, palestrante, auditora, consultora e escritora. Conhece amplamente a legisla\u00e7\u00e3o trabalhista e os pontos que, se negligenciados, podem gerar e\/ou aumentar o passivo trabalhista. Uma profissional vision\u00e1ria, sonhadora, que ama o Direito e que se dedica a fazer com que empres\u00e1rios, l\u00edderes, chefes e empregados trabalhem no sistema ganha-ganha, e enxerguem as quest\u00f5es trabalhistas com uma vis\u00e3o al\u00e9m da rotina. OAB\/MG 92649<\/p>\n<\/div><\/div><\/div><\/div>\n<div class=\"col-md-6 col-sm-6 col-xs-12 pt-cv-content-item pt-cv-2-col\" ><div class='pt-cv-ifield'><a href=\"https:\/\/mulheressa.org.br\/blog\/tania-reis\/\" class=\"_self pt-cv-href-thumbnail pt-cv-thumb-left\" target=\"_self\" ><img width=\"100\" height=\"100\" src=\"https:\/\/mulheressa.org.br\/blog\/wp-content\/uploads\/2017\/11\/tania-ok-100x100.jpg\" class=\"pt-cv-thumbnail pull-left\" alt=\"\" loading=\"lazy\" srcset=\"https:\/\/mulheressa.org.br\/blog\/wp-content\/uploads\/2017\/11\/tania-ok-100x100.jpg 100w, https:\/\/mulheressa.org.br\/blog\/wp-content\/uploads\/2017\/11\/tania-ok-150x150.jpg 150w, https:\/\/mulheressa.org.br\/blog\/wp-content\/uploads\/2017\/11\/tania-ok.jpg 250w\" sizes=\"100vw\" \/><\/a>\n<div class=\"pt-cv-colwrap\"><h4 class=\"pt-cv-title\"><a href=\"https:\/\/mulheressa.org.br\/blog\/tania-reis\/\" class=\"_self\" target=\"_self\" >Tania Reis<\/a><\/h4><div class=\"pt-cv-content\"><p>Fundadora e Presidente do Grupo Serpa que \u00e9 um conglomerado de empresas Brasileiras, Americanas e Chinesa. Certificada no OEA &#8211; Autorizado pela Receita Federal como Operador Econ\u00f4mico e Certificado pela FDC no Ranking em 24 lugar no Empresas Brasileira Transnacional; Convidada pelo Minist\u00e9rio das Rela\u00e7\u00f5es Internacionais e aprovada pelo Itamaraty para estar entre as 5 executivas do mecanismo do BRICS WBA Cap\u00edtulo Brasil em 2020; Conselheira da AEB- Associa\u00e7\u00e3o dos Exportadores do Brasil; Membro do FET (F\u00f3rum das Empresas Transnacionais) &#8211; CNI Confedera\u00e7\u00e3o Nacional das Ind\u00fastrias; Diretora do Conselho C\u00e2mara Francesa-MG; Diretora Plena ACMinas; Diretora WICCI (Women\u2019s Indian Chamber of Commerce and Industry &#8211; Brazil.<\/p>\n<p><a href=\"http:\/\/www.gruposerpa.com.br\">www.gruposerpa.com.br<\/a><\/p>\n<\/div><\/div><\/div><\/div>\n<div class=\"col-md-6 col-sm-6 col-xs-12 pt-cv-content-item pt-cv-2-col\" ><div class='pt-cv-ifield'><a href=\"https:\/\/mulheressa.org.br\/blog\/rosa-maria-troes\/\" class=\"_self pt-cv-href-thumbnail pt-cv-thumb-left\" target=\"_self\" ><img width=\"100\" height=\"100\" src=\"https:\/\/mulheressa.org.br\/blog\/wp-content\/uploads\/2017\/10\/redatora_rosa-100x100.jpg\" class=\"pt-cv-thumbnail pull-left\" alt=\"\" loading=\"lazy\" srcset=\"https:\/\/mulheressa.org.br\/blog\/wp-content\/uploads\/2017\/10\/redatora_rosa-100x100.jpg 100w, https:\/\/mulheressa.org.br\/blog\/wp-content\/uploads\/2017\/10\/redatora_rosa-150x150.jpg 150w, https:\/\/mulheressa.org.br\/blog\/wp-content\/uploads\/2017\/10\/redatora_rosa.jpg 250w\" sizes=\"100vw\" \/><\/a>\n<div class=\"pt-cv-colwrap\"><h4 class=\"pt-cv-title\"><a href=\"https:\/\/mulheressa.org.br\/blog\/rosa-maria-troes\/\" class=\"_self\" target=\"_self\" >Rosa Maria Troes<\/a><\/h4><div class=\"pt-cv-content\"><p>Rosa \u00e9 a fundadora e presidente da CANADA INTERCAMBIO e est\u00e1 presente na lista W100&#8217;s de 2014 e de 2016, das 100 mulheres empreendedoras mais influentes do Canad\u00e1. \u00c9 o c\u00e9rebro por tr\u00e1s dos dois maiores e mais bem sucedidos eventos no setor educacional internacional no Brasil, o CANADA INTERCAMBIO Road Show e a EXPO Canada ambos eventos gratuitos para apoiar os jovens no Brasil e no M\u00e9xico a crescer pessoal e profissionalmente, oferecendo uma ferramenta motivacional.<\/p>\n<\/div><\/div><\/div><\/div>\n<div class=\"col-md-6 col-sm-6 col-xs-12 pt-cv-content-item pt-cv-2-col\" ><div class='pt-cv-ifield'><a href=\"https:\/\/mulheressa.org.br\/blog\/helida-stael-mendonca\/\" class=\"_self pt-cv-href-thumbnail pt-cv-thumb-left\" target=\"_self\" ><img width=\"100\" height=\"100\" src=\"https:\/\/mulheressa.org.br\/blog\/wp-content\/uploads\/2017\/10\/helida-100x100.jpg\" class=\"pt-cv-thumbnail pull-left\" alt=\"\" loading=\"lazy\" srcset=\"https:\/\/mulheressa.org.br\/blog\/wp-content\/uploads\/2017\/10\/helida-100x100.jpg 100w, https:\/\/mulheressa.org.br\/blog\/wp-content\/uploads\/2017\/10\/helida-150x150.jpg 150w, https:\/\/mulheressa.org.br\/blog\/wp-content\/uploads\/2017\/10\/helida-300x300.jpg 300w, https:\/\/mulheressa.org.br\/blog\/wp-content\/uploads\/2017\/10\/helida-e1518183794307.jpg 250w\" sizes=\"100vw\" \/><\/a>\n<div class=\"pt-cv-colwrap\"><h4 class=\"pt-cv-title\"><a href=\"https:\/\/mulheressa.org.br\/blog\/helida-stael-mendonca\/\" class=\"_self\" target=\"_self\" >H\u00e9lida Stael Mendon\u00e7a<\/a><\/h4><div class=\"pt-cv-content\"><p>Brasileira, casada e empres\u00e1ria.<br \/>\nM\u00e3e de tr\u00eas filhos, com idade de 12, 15 e 20 anos. Graduada em Psicologia pelo\u00a0 Centro Universit\u00e1rio Newton Paiva. Em Terapia Ocupacional pela Universidade Federal de Minas Gerais e P\u00f3s Graduada em Marketing pelo Centro Universit\u00e1rio UNA. S\u00f3cia fundadora da empresa Forno de Minas Alimentos S\/A, ocupando o cargo de diretora de Recursos Humanos e Gest\u00e3o Estrat\u00e9gica. S\u00f3cia fundadora das empresas MK Empreendimentos e Participa\u00e7\u00f5es Ltda e Vila I\u00e1ia.<\/p>\n<\/div><\/div><\/div><\/div>\n<div class=\"col-md-6 col-sm-6 col-xs-12 pt-cv-content-item pt-cv-2-col\" ><div class='pt-cv-ifield'><a href=\"https:\/\/mulheressa.org.br\/blog\/maira-ataide\/\" class=\"_self pt-cv-href-thumbnail pt-cv-thumb-left\" target=\"_self\" ><img width=\"100\" height=\"100\" src=\"https:\/\/mulheressa.org.br\/blog\/wp-content\/uploads\/2017\/09\/foto-maira-100x100.jpg\" class=\"pt-cv-thumbnail pull-left\" alt=\"\" loading=\"lazy\" sizes=\"100vw\" \/><\/a>\n<div class=\"pt-cv-colwrap\"><h4 class=\"pt-cv-title\"><a href=\"https:\/\/mulheressa.org.br\/blog\/maira-ataide\/\" class=\"_self\" target=\"_self\" >Ma\u00edra Ata\u00edde<\/a><\/h4><div class=\"pt-cv-content\"><p>Psic\u00f3loga, formada pelo Centro Universit\u00e1rio Newton Paiva, Especialista em Psicologia do Trabalho pela UFMG e com forma\u00e7\u00e3o em Coaching pela Sociedade Latino Americana de Coaching (SLAC). Desenvolveu sua carreira na \u00e1rea de Recursos Humanos em empresa refer\u00eancia no segmento da Ind\u00fastria, tendo atuado tamb\u00e9m no segmento hoteleiro. Atualmente desenvolve atividades como Consultora em Gest\u00e3o com Pessoas. \u00c9 propriet\u00e1ria da empresa AR Consultoria Gest\u00e3o de Pessoas. www.arconsultoriagp.com.br<\/p>\n<\/div><\/div><\/div><\/div>\n<div class=\"col-md-6 col-sm-6 col-xs-12 pt-cv-content-item pt-cv-2-col\" ><div class='pt-cv-ifield'><a href=\"https:\/\/mulheressa.org.br\/blog\/luciana-nunes\/\" class=\"_self pt-cv-href-thumbnail pt-cv-thumb-left\" target=\"_self\" ><img width=\"100\" height=\"100\" src=\"https:\/\/mulheressa.org.br\/blog\/wp-content\/uploads\/2017\/09\/AAEAAQAAAAAAAAJVAAAAJGYwOGFiYTlmLWM5NDktNDU5Mi1iYWI1LTg4MjE3ZWM5M2FmOA-100x100.jpg\" class=\"pt-cv-thumbnail pull-left\" alt=\"\" loading=\"lazy\" srcset=\"https:\/\/mulheressa.org.br\/blog\/wp-content\/uploads\/2017\/09\/AAEAAQAAAAAAAAJVAAAAJGYwOGFiYTlmLWM5NDktNDU5Mi1iYWI1LTg4MjE3ZWM5M2FmOA-100x100.jpg 100w, https:\/\/mulheressa.org.br\/blog\/wp-content\/uploads\/2017\/09\/AAEAAQAAAAAAAAJVAAAAJGYwOGFiYTlmLWM5NDktNDU5Mi1iYWI1LTg4MjE3ZWM5M2FmOA-150x150.jpg 150w, https:\/\/mulheressa.org.br\/blog\/wp-content\/uploads\/2017\/09\/AAEAAQAAAAAAAAJVAAAAJGYwOGFiYTlmLWM5NDktNDU5Mi1iYWI1LTg4MjE3ZWM5M2FmOA-300x300.jpg 300w, https:\/\/mulheressa.org.br\/blog\/wp-content\/uploads\/2017\/09\/AAEAAQAAAAAAAAJVAAAAJGYwOGFiYTlmLWM5NDktNDU5Mi1iYWI1LTg4MjE3ZWM5M2FmOA.jpg 337w\" sizes=\"100vw\" \/><\/a>\n<div class=\"pt-cv-colwrap\"><h4 class=\"pt-cv-title\"><a href=\"https:\/\/mulheressa.org.br\/blog\/luciana-nunes\/\" class=\"_self\" target=\"_self\" >Luciana Nunes<\/a><\/h4><div class=\"pt-cv-content\"><p>Diretora executiva na Uniplan Estrat\u00e9gia em Marketing e diretora de marketing na Institui\u00e7\u00e3o Mulheres s.a. Forma\u00e7\u00e3o em Marketing e P\u00f3s-gradua\u00e7\u00e3o em Intelig\u00eancia de Mercado. Foco em planejamento e estrat\u00e9gia. Como eterna estudante, adora a leitura e discuss\u00e3o em grupo para  a troca de conhecimento.<\/p>\n<\/div><\/div><\/div><\/div><\/div><\/div><\/div>\n","protected":false},"excerpt":{"rendered":"<p>Conhe\u00e7a nossos(as) colunistas.<\/p>\n","protected":false},"author":1,"featured_media":0,"parent":0,"menu_order":0,"comment_status":"closed","ping_status":"closed","template":"","meta":[],"_links":{"self":[{"href":"https:\/\/mulheressa.org.br\/blog\/wp-json\/wp\/v2\/pages\/36"}],"collection":[{"href":"https:\/\/mulheressa.org.br\/blog\/wp-json\/wp\/v2\/pages"}],"about":[{"href":"https:\/\/mulheressa.org.br\/blog\/wp-json\/wp\/v2\/types\/page"}],"author":[{"embeddable":true,"href":"https:\/\/mulheressa.org.br\/blog\/wp-json\/wp\/v2\/users\/1"}],"replies":[{"embeddable":true,"href":"https:\/\/mulheressa.org.br\/blog\/wp-json\/wp\/v2\/comments?post=36"}],"version-history":[{"count":10,"href":"https:\/\/mulheressa.org.br\/blog\/wp-json\/wp\/v2\/pages\/36\/revisions"}],"predecessor-version":[{"id":219,"href":"https:\/\/mulheressa.org.br\/blog\/wp-json\/wp\/v2\/pages\/36\/revisions\/219"}],"wp:attachment":[{"href":"https:\/\/mulheressa.org.br\/blog\/wp-json\/wp\/v2\/media?parent=36"}],"curies":[{"name":"wp","href":"https:\/\/api.w.org\/{rel}","templated":true}]}}